{"id":1572,"date":"2020-06-10T11:50:58","date_gmt":"2020-06-10T10:50:58","guid":{"rendered":"http:\/\/mezoszemere.hu\/web\/?page_id=1572"},"modified":"2025-09-02T14:01:31","modified_gmt":"2025-09-02T13:01:31","slug":"epitsunk-egyutt-jovot","status":"publish","type":"page","link":"http:\/\/mezoszemere.hu\/web\/epitsunk-egyutt-jovot\/","title":{"rendered":"\u00c9p\u00edts\u00fcnk egy\u00fctt j\u00f6v\u0151t!"},"content":{"rendered":"<p><!--more--><\/p>\n<table class=\"contentpaneopen\">\n<tbody>\n<tr>\n<td valign=\"top\">\n<table class=\"contenttoc\" style=\"height: 136px; width: 13px;\" width=\"1170\" cellspacing=\"0\" cellpadding=\"0\" align=\"right\">\n<tbody>\n<tr style=\"height: 41px;\">\n<th style=\"width: 31px; height: 41px;\">&nbsp;<\/th>\n<\/tr>\n<tr style=\"height: 35px;\">\n<td style=\"width: 31px; height: 35px;\">&nbsp;<\/td>\n<\/tr>\n<tr style=\"height: 36px;\">\n<td style=\"width: 31px; height: 36px;\">&nbsp;<\/td>\n<\/tr>\n<tr style=\"height: 35px;\">\n<td style=\"width: 31px; height: 35px;\">&nbsp;<\/td>\n<\/tr>\n<\/tbody>\n<\/table>\n<div><strong>&nbsp;<\/strong><\/div>\n<div><a href=\"http:\/\/mezoszemere.hu\/web\/wp-content\/uploads\/2019\/10\/projekttabla_2020_ESZA_fekvo_A3_SZEMERE-page-001.jpg\"><img loading=\"lazy\" decoding=\"async\" class=\" wp-image-973 alignleft\" src=\"http:\/\/mezoszemere.hu\/web\/wp-content\/uploads\/2019\/10\/projekttabla_2020_ESZA_fekvo_A3_SZEMERE-page-001-566x400.jpg\" alt=\"\" width=\"318\" height=\"225\" srcset=\"http:\/\/mezoszemere.hu\/web\/wp-content\/uploads\/2019\/10\/projekttabla_2020_ESZA_fekvo_A3_SZEMERE-page-001-566x400.jpg 566w, http:\/\/mezoszemere.hu\/web\/wp-content\/uploads\/2019\/10\/projekttabla_2020_ESZA_fekvo_A3_SZEMERE-page-001-768x543.jpg 768w, http:\/\/mezoszemere.hu\/web\/wp-content\/uploads\/2019\/10\/projekttabla_2020_ESZA_fekvo_A3_SZEMERE-page-001-1024x724.jpg 1024w\" sizes=\"auto, (max-width: 318px) 100vw, 318px\" \/><\/a><\/div>\n<div><strong>&#8222;\u00c9p\u00edts\u00fcnk egy\u00fctt j\u00f6v\u0151t! &#8211; K\u00f6z\u00f6ss\u00e9ger\u0151s\u00edt\u00e9s F\u00fczesabony t\u00e9rs\u00e9g\u00e9ben&#8221;<br \/>\nEFOP 1.5.3-16-2017-00051 \u2013 451 857 559-Ft t\u00e1mogat\u00e1s<\/strong><\/div>\n<div>\n<div>451 857 559-FT T\u00c1MOGAT\u00c1ST NYERT F\u00dcZESABONY V\u00c1ROS \u00d6NKORM\u00c1NYZATA AZ EFOP-1.5.3 AZONOS\u00cdT\u00d3SZ\u00c1M\u00da P\u00c1LY\u00c1ZATI FELH\u00cdV\u00c1SON A HUM\u00c1N K\u00d6ZSZOLG\u00c1LTAT\u00c1SOK TER\u00dcLET\u00c9N JELENTKEZ\u0150 SZAKEMBERHI\u00c1NY ENYH\u00cdT\u00c9S\u00c9RE, H\u00c1TR\u00c1NYOS HELYZET\u0170 CSOPORTOK FOGLALKOZTATHAT\u00d3S\u00c1GRA VAL\u00d3 FELK\u00c9SZ\u00cdT\u00c9S\u00c9RE, A VID\u00c9K MEGTART\u00d3 K\u00c9PESS\u00c9G\u00c9NEK ER\u0150S\u00cdT\u00c9S\u00c9RE.<\/div>\n<div>A p\u00e1ly\u00e1zatot F\u00fczesabony V\u00e1ros \u00d6nkorm\u00e1nyzata, mint konzorcium vezet\u0151, Beseny\u0151telek, Dorm\u00e1nd, Egerfarmos, Mez\u0151szemere, Mez\u0151t\u00e1rk\u00e1ny, Szihalom k\u00f6zs\u00e9gek \u00f6nkorm\u00e1nyzataival, a Tisza-Mente Telep\u00fcl\u00e9si \u00d6nkorm\u00e1nyzatok Mikrot\u00e9rs\u00e9gi T\u00e1rsul\u00e1s\u00e1val, valamint a F\u00fczesabony-Szihalom Szoci\u00e1lis, Csal\u00e1d- \u00e9s Gyermekj\u00f3l\u00e9ti K\u00f6zponttal, mint konzorciumi partnerekkel egy\u00fcttm\u0171k\u00f6dve val\u00f3s\u00edtja meg.<\/div>\n<p>A rendelkez\u00e9sre \u00e1ll\u00f3 t\u00e1mogat\u00e1sb\u00f3l az al\u00e1bbi tev\u00e9kenys\u00e9gek val\u00f3sulhatnak meg:<\/p>\n<div>J\u00f3 min\u0151s\u00e9g\u0171 k\u00f6zszolg\u00e1ltat\u00e1sok (szoci\u00e1lis, gyermekj\u00f3l\u00e9ti \u00e9s gyermekv\u00e9delmi, rehabilit\u00e1ci\u00f3s \u00e9s eg\u00e9szs\u00e9g\u00fcgyi, tov\u00e1bb\u00e1 a t\u00e1rsadalmi felz\u00e1rk\u00f3z\u00e1st t\u00e1mogat\u00f3 kultur\u00e1lis) biztos\u00edt\u00e1sa \u00e9rdek\u00e9ben a k\u00f6zszolg\u00e1ltat\u00e1sok emberi kapacit\u00e1s\u00e1nak fejleszt\u00e9se val\u00f3sul meg. Ennek \u00e9rdek\u00e9ben a hum\u00e1n k\u00f6zszolg\u00e1ltat\u00e1sok szakember-ell\u00e1totts\u00e1g\u00e1nak fejleszt\u00e9s\u00e9t szolg\u00e1l\u00f3 \u00f6szt\u00f6nz\u0151 programok megval\u00f3s\u00edt\u00e1sa, szakemberhi\u00e1ny, szaktud\u00e1s-hi\u00e1ny enyh\u00edt\u00e9s\u00e9t szolg\u00e1l\u00f3 tev\u00e9kenys\u00e9gek megval\u00f3s\u00edt\u00e1sa t\u00f6rt\u00e9nik. A h\u00e1tr\u00e1nyos helyzet\u0171ek alapvet\u0151 szoci\u00e1lis k\u00e9szs\u00e9geinek er\u0151s\u00edt\u00e9se, lehet\u0151v\u00e9 t\u00e9ve foglalkoztathat\u00f3s\u00e1guk k\u00e9s\u0151bbi fejleszt\u00e9s\u00e9t \u00e9s majdan munkaer\u0151-piaci r\u00e9szv\u00e9tel\u00fcket. Ennek \u00e9rdek\u00e9ben fejleszt\u00e9si tev\u00e9kenys\u00e9geket, kompetencia felm\u00e9r\u00e9st, munkaszocializ\u00e1ci\u00f3 megszerz\u00e9s\u00e9t el\u0151seg\u00edt\u0151 k\u00e9pz\u00e9seket tartalmaz a program. A c\u00e9lzott l\u00e9p\u00e9sek k\u00f6z\u00e9 tartozik az \u00f6n\u00e1ll\u00f3 \u00e9letvitelre k\u00e9pess\u00e9 tev\u0151 programok, \u00e9s az \u00e1ll\u00e1skeres\u00e9sre felk\u00e9sz\u00edt\u0151 tan\u00e1csad\u00e1sok biztos\u00edt\u00e1sa. A t\u00e1rsadalmi egy\u00fcttm\u0171k\u00f6d\u00e9s er\u0151s\u00edt\u00e9s el\u0151seg\u00edt\u00e9se a t\u00e1rsadalmi aktivit\u00e1s fokoz\u00e1s\u00e1val, a k\u00f6z\u00f6ss\u00e9gek meger\u0151s\u00edt\u00e9s\u00e9vel, h\u00e1tr\u00e1nyos megk\u00fcl\u00f6nb\u00f6ztet\u00e9s m\u00e9rs\u00e9kl\u00e9s\u00e9vel \u00e9s szeml\u00e9letform\u00e1l\u00f3 programokkal, a csal\u00e1dok t\u00e1rsadalmon bel\u00fcli szerep\u00e9nek er\u0151s\u00edt\u00e9s\u00e9vel val\u00f3sul meg. A h\u00e1tr\u00e1nyos helyzet\u0171 akt\u00edv kor\u00fa lakoss\u00e1g akt\u00edv munkaer\u0151-piaci eszk\u00f6z\u00f6kben val\u00f3 r\u00e9szesed\u00e9s\u00e9nek el\u0151seg\u00edt\u00e9se, mentorrendszer ki\u00e9p\u00edt\u00e9se szint\u00e9n r\u00e9sz\u00e9t k\u00e9pezik a projektnek. \u00d6nszervez\u0151d\u00e9sre, strat\u00e9giai j\u00f6v\u0151form\u00e1l\u00e1sra k\u00e9pes helyi \u00e9s t\u00e9rs\u00e9gi k\u00f6z\u00f6ss\u00e9gek kialak\u00edt\u00e1s\u00e1nak el\u0151seg\u00edt\u00e9se. A kultur\u00e1lis \u00e9s k\u00f6z\u00f6ss\u00e9gi \u00e9let kiterjeszt\u00e9s\u00e9t \u00e9s fejleszt\u00e9s\u00e9t a projekt tov\u00e1bbi k\u00f6z\u00f6ss\u00e9gfejleszt\u00e9ssel, a k\u00f6z\u00f6ss\u00e9gi terek \u00e9s kultur\u00e1lis szolg\u00e1ltat\u00e1sok kihaszn\u00e1lts\u00e1g\u00e1t n\u00f6vel\u0151 programokon kereszt\u00fcl, tov\u00e1bb\u00e1 k\u00f6z\u00f6ss\u00e9gszervez\u0151k alkalmaz\u00e1sa \u00e1ltal seg\u00edti el\u0151. A fiatalok megsz\u00f3l\u00edt\u00e1sa a k\u00f6z\u00f6ss\u00e9gi terekben a koroszt\u00e1lyi \u00e9rdekl\u0151d\u00e9snek megfelel\u0151, tartalmas programok el\u00e9rhet\u0151v\u00e9 t\u00e9tel\u00e9vel, illetve az \u0151ket \u00e9rint\u0151 k\u00e9pz\u00e9si, tanul\u00e1si, \u00f6szt\u00f6nd\u00edj, tov\u00e1bb\u00e1 a foglalkoztat\u00e1shoz, lakhat\u00e1shoz kapcsol\u00f3d\u00f3 lehet\u0151s\u00e9gekr\u0151l val\u00f3 t\u00e1j\u00e9koztat\u00e1s biztos\u00edt\u00e1s\u00e1val t\u00f6rt\u00e9nik. Priorit\u00e1s a lakoss\u00e1g eg\u00e9szs\u00e9gtudatoss\u00e1g\u00e1nak n\u00f6vel\u00e9se \u00e9s az eg\u00e9szs\u00e9g fejleszt\u00e9se, tov\u00e1bb\u00e1 az ell\u00e1t\u00f3rendszer prevenci\u00f3s funkci\u00f3inak fokoz\u00e1sa. Az egyes eg\u00e9szs\u00e9g\u00fcgyi kock\u00e1zatok megel\u0151z\u00e9se c\u00e9lj\u00e1b\u00f3l a k\u00f6z\u00f6ss\u00e9g eg\u00e9sze sz\u00e1m\u00e1ra eg\u00e9szs\u00e9gkult\u00fara fejleszt\u00e9s\u00e9t c\u00e9lz\u00f3, \u00e9letm\u00f3dv\u00e1lt\u00e1st t\u00e1mogat\u00f3 programok szervez\u00e9s\u00e9re, illetve az ehhez kapcsol\u00f3d\u00f3 helyi kommunik\u00e1ci\u00f3 szervez\u00e9s\u00e9re is kiterjed a projekt.<\/div>\n<hr>\n<table border=\"0\" frame=\"vsides\">\n<tbody>\n<tr>\n<td><strong>A kedvezm\u00e9nyezett neve<\/strong><\/td>\n<td>F\u00fczesabony V\u00e1rosi \u00d6nkorm\u00e1nyzat<\/td>\n<\/tr>\n<tr>\n<td><strong>A projekt c\u00edme<\/strong><\/td>\n<td>\u00c9p\u00edts\u00fcnk egy\u00fctt j\u00f6v\u0151t! &#8211; K\u00f6z\u00f6ss\u00e9ger\u0151s\u00edt\u00e9s F\u00fczesabony t\u00e9rs\u00e9g\u00e9ben<\/td>\n<\/tr>\n<tr>\n<td><strong>A szerz\u0151d\u00f6tt t\u00e1mogat\u00e1s \u00f6sszege<\/strong><\/td>\n<td>451 857 559 Ft<\/td>\n<\/tr>\n<tr>\n<td><strong>A t\u00e1mogat\u00e1s m\u00e9rt\u00e9ke<\/strong><\/td>\n<td>100%<\/td>\n<\/tr>\n<tr>\n<td><strong>A projekt tartalm\u00e1nak bemutat\u00e1sa<\/strong><\/td>\n<td>Az &#8222;\u00c9p\u00edts\u00fcnk egy\u00fctt j\u00f6v\u0151t! &#8211; K\u00f6z\u00f6ss\u00e9ger\u0151s\u00edt\u00e9s F\u00fczesabony t\u00e9rs\u00e9g\u00e9ben&#8221; c. projekt keret\u00e9ben megalakult konzorcium tagjai a k\u00f6vetkez\u0151 szervezetek: F\u00fczesabony V\u00e1rosi \u00d6nkorm\u00e1nyzat, beseny\u0151telek K\u00f6zs\u00e9g \u00f6nkorm\u00e1nyzata, Dorm\u00e1nd K\u00f6zs\u00e9g \u00d6nkorm\u00e1nyzata, Egerfarmos K\u00f6zs\u00e9g \u00f6nkorm\u00e1nyzata, Mez\u0151szemere K\u00f6zs\u00e9g \u00d6nkorm\u00e1nyzata, Mez\u0151t\u00e1rk\u00e1ny K\u00f6zs\u00e9g \u00f6nkorm\u00e1nyzata, Szihalom k\u00f6zs\u00e9g \u00d6nkorm\u00e1nyzata, Tisza-mente Telep\u00fcl\u00e9si \u00d6nkorm\u00e1nyzatok Mikro-t\u00e9rs\u00e9gi T\u00e1rsul\u00e1sa (Poroszl\u00f3, Sarud \u00e9s \u00dajl\u0151rincfalva telep\u00fcl\u00e9sek) \u00e9s F\u00fczesabony-Szihalom Szoci\u00e1lis, Csal\u00e1d- \u00e9s Gyermekj\u00f3l\u00e9ti K\u00f6zpont. A projekt els\u0151dleges c\u00e9lja a k\u00f6zszolg\u00e1ltat\u00e1sok min\u0151s\u00e9gi fejleszt\u00e9se \u00e9s a hozz\u00e1f\u00e9rhet\u0151s\u00e9g\u00e9nek a jav\u00edt\u00e1sa. A konzorcium tagjai hozz\u00e1j\u00e1rulnak a t\u00e1rsadalmi felz\u00e1rk\u00f3z\u00e1s folyamat\u00e1hoz \u00e9s a ter\u00fcleti k\u00fcl\u00f6nbs\u00e9gek cs\u00f6kkent\u00e9s\u00e9hez. A projekt megval\u00f3sul\u00e1s\u00e1nak id\u0151tartama: 2018. janu\u00e1r 1. &#8211; 2020. december 31., 36 h\u00f3nap.F\u00fczesabony V\u00e1ros \u00d6nkorm\u00e1nyzata: Mint a konzorcium vezet\u0151je \u0151 biztos\u00edtja a projektmenedzsmentet, a szakmai vezet\u00e9st, a projekt el\u0151k\u00e9sz\u00edt\u00e9s, k\u00f6zbeszerz\u00e9st, k\u00f6nyvvizsg\u00e1latot, a k\u00f6telez\u0151 nyilv\u00e1noss\u00e1g elemeinek a megval\u00f3s\u00edt\u00e1s\u00e1t, s ehhez kapcsol\u00f3d\u00f3an marketing k\u00f6lts\u00e9gek felhaszn\u00e1l\u00e1s\u00e1t is. Az \u00d6nkorm\u00e1nyzat tulajdon\u00e1ban l\u00e9v\u0151 \u00e9p\u00fclet \u00e1talak\u00edt\u00e1sa is megt\u00f6rt\u00e9nik, ahol a munkav\u00e1llal\u00f3knak iroda \u00e9s workshopokhoz, k\u00e9pz\u00e9sekhez terem kialak\u00edt\u00e1sa is megt\u00f6rt\u00e9nik. Az eszk\u00f6zbeszerz\u00e9s a foglalkoztat\u00e1shoz \u00e9s az infrastruktur\u00e1lis beruh\u00e1z\u00e1shoz kapcsol\u00f3dik. Foglalkoztat\u00e1s: k\u00f6z\u00f6ss\u00e9gszervez\u0151, k\u00f6zm\u0171vel\u0151d\u00e9si referens, nemzetis\u00e9gi referensek foglalkoztat\u00e1sa val\u00f3sul meg. Itt val\u00f3sul meg Szolg\u00e1ltat\u00e1sfejleszt\u00e9si cselekv\u00e9si terv kidolgoz\u00e1sa \u00e9s a szervezetfejleszt\u00e9si tev\u00e9kenys\u00e9gek megval\u00f3s\u00edt\u00e1sa is. k\u00f6z\u00f6ss\u00e9gfejleszt\u00e9si elemk\u00e9nt megjelenik a &#8222;Legyen T\u00e1nc&#8221; k\u00f6z\u00f6ss\u00e9gi fesztiv\u00e1l \u00e9s a csal\u00e1di k\u00f6z\u00f6ss\u00e9gi nap is.<\/td>\n<\/tr>\n<tr>\n<td><strong>A projekt tervezett befejez\u00e9si d\u00e1tuma<\/strong><\/td>\n<td>2021.05.01.<\/td>\n<\/tr>\n<tr>\n<td><strong>A projekt azonos\u00edt\u00f3 sz\u00e1ma<\/strong><\/td>\n<td>EFOP-1.5.3-16-2017-00051<\/td>\n<\/tr>\n<\/tbody>\n<\/table>\n<\/div>\n<\/td>\n<\/tr>\n<\/tbody>\n<\/table>\n<p>&nbsp;<\/p>\n<h1 class=\"entry-title\"><a href=\"http:\/\/mezoszemere.hu\/web\/wp-content\/uploads\/2019\/10\/projekttabla_2020_ESZA_fekvo_A3_SZEMERE-page-001.jpg\"><img loading=\"lazy\" decoding=\"async\" class=\"alignnone size-medium wp-image-973\" src=\"http:\/\/mezoszemere.hu\/web\/wp-content\/uploads\/2019\/10\/projekttabla_2020_ESZA_fekvo_A3_SZEMERE-page-001-566x400.jpg\" alt=\"\" width=\"566\" height=\"400\" srcset=\"http:\/\/mezoszemere.hu\/web\/wp-content\/uploads\/2019\/10\/projekttabla_2020_ESZA_fekvo_A3_SZEMERE-page-001-566x400.jpg 566w, http:\/\/mezoszemere.hu\/web\/wp-content\/uploads\/2019\/10\/projekttabla_2020_ESZA_fekvo_A3_SZEMERE-page-001-768x543.jpg 768w, http:\/\/mezoszemere.hu\/web\/wp-content\/uploads\/2019\/10\/projekttabla_2020_ESZA_fekvo_A3_SZEMERE-page-001-1024x724.jpg 1024w\" sizes=\"auto, (max-width: 566px) 100vw, 566px\" \/><\/a><\/h1>\n<a href=\"http:\/\/mezoszemere.hu\/web\/wp-content\/uploads\/2019\/10\/EFOP_153_szemere_honlapra.pdf\" class=\"pdfemb-viewer\" style=\"\" data-width=\"max\" data-height=\"max\" data-toolbar=\"bottom\" data-toolbar-fixed=\"off\">EFOP_153_szemere_honlapra<\/a>\n","protected":false},"excerpt":{"rendered":"","protected":false},"author":2,"featured_media":0,"parent":0,"menu_order":0,"comment_status":"closed","ping_status":"closed","template":"","meta":{"ngg_post_thumbnail":0,"footnotes":""},"class_list":["post-1572","page","type-page","status-publish","hentry"],"_links":{"self":[{"href":"http:\/\/mezoszemere.hu\/web\/wp-json\/wp\/v2\/pages\/1572","targetHints":{"allow":["GET"]}}],"collection":[{"href":"http:\/\/mezoszemere.hu\/web\/wp-json\/wp\/v2\/pages"}],"about":[{"href":"http:\/\/mezoszemere.hu\/web\/wp-json\/wp\/v2\/types\/page"}],"author":[{"embeddable":true,"href":"http:\/\/mezoszemere.hu\/web\/wp-json\/wp\/v2\/users\/2"}],"replies":[{"embeddable":true,"href":"http:\/\/mezoszemere.hu\/web\/wp-json\/wp\/v2\/comments?post=1572"}],"version-history":[{"count":9,"href":"http:\/\/mezoszemere.hu\/web\/wp-json\/wp\/v2\/pages\/1572\/revisions"}],"predecessor-version":[{"id":2618,"href":"http:\/\/mezoszemere.hu\/web\/wp-json\/wp\/v2\/pages\/1572\/revisions\/2618"}],"wp:attachment":[{"href":"http:\/\/mezoszemere.hu\/web\/wp-json\/wp\/v2\/media?parent=1572"}],"curies":[{"name":"wp","href":"https:\/\/api.w.org\/{rel}","templated":true}]}}